{"id":2819,"date":"2024-03-14T10:08:24","date_gmt":"2024-03-14T09:08:24","guid":{"rendered":"https:\/\/wandernmitkrewa.de\/?post_type=itineraries&#038;p=2819"},"modified":"2024-03-15T21:39:14","modified_gmt":"2024-03-15T20:39:14","slug":"kasos-karpathos-dodekanes","status":"publish","type":"itineraries","link":"https:\/\/wandernmitkrewa.de\/fr\/itinerary\/kasos-karpathos-dodekanes\/","title":{"rendered":"Kasos &#038; Karpathos Dodekanes"},"content":{"rendered":"","protected":false},"excerpt":{"rendered":"<p><i class=\"fas fa-arrow-circle-right\"><\/i>Kasos &#038; Karpathos Dodekanes<\/p>\n<p>Les deux \u00eeles suivent l&#8217;arc montagneux qui va de l&#8217;Attique \u00e0 la Cr\u00e8te et \u00e0 la Turquie.<br \/>\nAinsi, nous trouvons \u00e9galement \u00e0 Kasos et Karpathos un paysage montagneux<br \/>\nsauvage avec des sommets et des baies bien marqu\u00e9s.<br \/>\nKasos n&#8217;est pas encore touch\u00e9e par le tourisme, Karpathos ne dispose d&#8217;une infrastructure touristique que dans<br \/>\nle sud. L&#8217;\u00eele est probablement l&#8217;\u00eele grecque la plus traditionnelle avec des coutumes encore vivantes&#8230;.Mais lisez<br \/>\nvous-m\u00eame.<br \/>\n<br \/>\n15 jours voyage en groupe<br \/>\n5 &#8211; 14 participants<br \/>\n20.09. au 04.10.2024<\/p>","protected":false},"featured_media":2844,"comment_status":"open","ping_status":"closed","template":"","meta":{"site-sidebar-layout":"default","site-content-layout":"content-boxed-container","ast-site-content-layout":"normal-width-container","site-content-style":"boxed","site-sidebar-style":"unboxed","ast-global-header-display":"","ast-banner-title-visibility":"","ast-main-header-display":"","ast-hfb-above-header-display":"","ast-hfb-below-header-display":"","ast-hfb-mobile-header-display":"","site-post-title":"","ast-breadcrumbs-content":"","ast-featured-img":"disabled","footer-sml-layout":"","theme-transparent-header-meta":"default","adv-header-id-meta":"","stick-header-meta":"","header-above-stick-meta":"","header-main-stick-meta":"","header-below-stick-meta":"","astra-migrate-meta-layouts":"set","ast-page-background-enabled":"default","ast-page-background-meta":{"desktop":{"background-color":"","background-image":"","background-repeat":"repeat","background-position":"center center","background-size":"auto","background-attachment":"scroll","background-type":"","background-media":"","overlay-type":"","overlay-color":"","overlay-gradient":""},"tablet":{"background-color":"","background-image":"","background-repeat":"repeat","background-position":"center center","background-size":"auto","background-attachment":"scroll","background-type":"","background-media":"","overlay-type":"","overlay-color":"","overlay-gradient":""},"mobile":{"background-color":"","background-image":"","background-repeat":"repeat","background-position":"center center","background-size":"auto","background-attachment":"scroll","background-type":"","background-media":"","overlay-type":"","overlay-color":"","overlay-gradient":""}},"ast-content-background-meta":{"desktop":{"background-color":"var(--ast-global-color-5)","background-image":"","background-repeat":"repeat","background-position":"center center","background-size":"auto","background-attachment":"scroll","background-type":"","background-media":"","overlay-type":"","overlay-color":"","overlay-gradient":""},"tablet":{"background-color":"var(--ast-global-color-5)","background-image":"","background-repeat":"repeat","background-position":"center center","background-size":"auto","background-attachment":"scroll","background-type":"","background-media":"","overlay-type":"","overlay-color":"","overlay-gradient":""},"mobile":{"background-color":"var(--ast-global-color-5)","background-image":"","background-repeat":"repeat","background-position":"center center","background-size":"auto","background-attachment":"scroll","background-type":"","background-media":"","overlay-type":"","overlay-color":"","overlay-gradient":""}},"wp_travel_lat":"","wp_travel_lng":"","wp_travel_trip_map_use_lat_lng":"no","wp_travel_location":"","wp_travel_overview":"<p><img class=\"alignnone size-full wp-image-2822\" src=\"https:\/\/wandernmitkrewa.de\/wp-content\/uploads\/2024\/03\/Infos-des-iles-Karpathos-scaled-e1710186808105.jpg\" alt=\"Infos des iles Karpathos\" width=\"1809\" height=\"2363\" \/><\/p>","wp_travel_outline":"<p><img class=\"alignnone wp-image-2239 size-full\" src=\"https:\/\/wandernmitkrewa.de\/inhalt\/uploads\/2022\/02\/3.-Guide-de-voyage-e1645564321122.png\" alt=\"\" width=\"1654\" height=\"1029\" \/><\/p>","wp_travel_trip_include":"<p><a class=\"buttonoverview\" href=\"https:\/\/wandernmitkrewa.de\/wp-content\/uploads\/2024\/03\/Kasos-Karpathos-Programm-Download.pdf\">Toutes les informations<\/a><\/p>\r\n<p>\u00a0 <img class=\"alignnone size-full wp-image-2824\" src=\"https:\/\/wandernmitkrewa.de\/wp-content\/uploads\/2024\/03\/Kasos-Karpathos-Programm-Download-3-scaled-e1710284927477.jpg\" alt=\"\" width=\"1809\" height=\"2508\" \/> <img class=\"alignnone size-full wp-image-2825\" src=\"https:\/\/wandernmitkrewa.de\/wp-content\/uploads\/2024\/03\/Kasos-Karpathos-Programm-Download-4-scaled-e1710284996250.jpg\" alt=\"\" width=\"1809\" height=\"2487\" \/> <img class=\"alignnone size-full wp-image-2826\" src=\"https:\/\/wandernmitkrewa.de\/wp-content\/uploads\/2024\/03\/Kasos-Karpathos-Programm-Download-5-scaled-e1710285049425.jpg\" alt=\"\" width=\"1809\" height=\"2521\" \/> <img class=\"alignnone size-full wp-image-2827\" src=\"https:\/\/wandernmitkrewa.de\/wp-content\/uploads\/2024\/03\/Kasos-Karpathos-Programm-Download-6-scaled-e1710285105197.jpg\" alt=\"\" width=\"1809\" height=\"2513\" \/><\/p>","wp_travel_trip_exclude":"<p><img class=\"alignnone size-full wp-image-2830\" src=\"https:\/\/wandernmitkrewa.de\/wp-content\/uploads\/2024\/03\/4.-Prix-et-infos-1-scaled.jpg\" alt=\"\" width=\"1810\" height=\"2560\" \/> <img class=\"alignnone size-full wp-image-2831\" src=\"https:\/\/wandernmitkrewa.de\/wp-content\/uploads\/2024\/03\/4.-Prix-et-infos-2-scaled-e1710284858843.jpg\" alt=\"\" width=\"1809\" height=\"1190\" \/><\/p>"},"itinerary_types":[43,48],"travel_locations":[110,59],"travel_keywords":[105,58,80,108,107,55,106,109],"activity":[60],"yoast_head":"<!-- This site is optimized with the Yoast SEO plugin v22.2 - https:\/\/yoast.com\/wordpress\/plugins\/seo\/ -->\n<title>Kasos &amp; Karpathos Dodekanes - KreWa<\/title>\n<meta name=\"robots\" content=\"index, follow, max-snippet:-1, max-image-preview:large, max-video-preview:-1\" \/>\n<link rel=\"canonical\" href=\"https:\/\/wandernmitkrewa.de\/fr\/itinerary\/kasos-karpathos-dodekanes\/\" \/>\n<meta property=\"og:locale\" content=\"fr_FR\" \/>\n<meta property=\"og:type\" content=\"article\" \/>\n<meta property=\"og:title\" content=\"Kasos &amp; Karpathos Dodekanes - KreWa\" \/>\n<meta property=\"og:description\" content=\"Kasos &amp; Karpathos Dodekanes Les deux \u00eeles suivent l&#039;arc montagneux qui va de l&#039;Attique \u00e0 la Cr\u00e8te et \u00e0 la Turquie. Ainsi, nous trouvons \u00e9galement \u00e0 Kasos et Karpathos un paysage montagneux sauvage avec des sommets et des baies bien marqu\u00e9s. Kasos n&#039;est pas encore touch\u00e9e par le tourisme, Karpathos ne dispose d&#039;une infrastructure touristique que dans le sud. L&#039;\u00eele est probablement l&#039;\u00eele grecque la plus traditionnelle avec des coutumes encore vivantes....Mais lisez vous-m\u00eame.  15 jours voyage en groupe 5 - 14 participants 20.09. au 04.10.2024\" \/>\n<meta property=\"og:url\" content=\"https:\/\/wandernmitkrewa.de\/fr\/itinerary\/kasos-karpathos-dodekanes\/\" \/>\n<meta property=\"og:site_name\" content=\"KreWa\" \/>\n<meta property=\"article:modified_time\" content=\"2024-03-15T20:39:14+00:00\" \/>\n<meta property=\"og:image\" content=\"https:\/\/wandernmitkrewa.de\/wp-content\/uploads\/2024\/03\/panorama-3258403-scaled.jpeg\" \/>\n\t<meta property=\"og:image:width\" content=\"2560\" \/>\n\t<meta property=\"og:image:height\" content=\"1708\" \/>\n\t<meta property=\"og:image:type\" content=\"image\/jpeg\" \/>\n<meta name=\"twitter:card\" content=\"summary_large_image\" \/>\n<meta name=\"twitter:label1\" content=\"Dur\u00e9e de lecture estim\u00e9e\" \/>\n\t<meta name=\"twitter:data1\" content=\"4 minutes\" \/>\n<script type=\"application\/ld+json\" class=\"yoast-schema-graph\">{\"@context\":\"https:\/\/schema.org\",\"@graph\":[{\"@type\":\"WebPage\",\"@id\":\"https:\/\/wandernmitkrewa.de\/itinerary\/kasos-karpathos-dodekanes\/\",\"url\":\"https:\/\/wandernmitkrewa.de\/itinerary\/kasos-karpathos-dodekanes\/\",\"name\":\"Kasos & Karpathos Dodekanes - KreWa\",\"isPartOf\":{\"@id\":\"https:\/\/wandernmitkrewa.de\/#website\"},\"primaryImageOfPage\":{\"@id\":\"https:\/\/wandernmitkrewa.de\/itinerary\/kasos-karpathos-dodekanes\/#primaryimage\"},\"image\":{\"@id\":\"https:\/\/wandernmitkrewa.de\/itinerary\/kasos-karpathos-dodekanes\/#primaryimage\"},\"thumbnailUrl\":\"https:\/\/wandernmitkrewa.de\/wp-content\/uploads\/2024\/03\/panorama-3258403-scaled.jpeg\",\"datePublished\":\"2024-03-14T09:08:24+00:00\",\"dateModified\":\"2024-03-15T20:39:14+00:00\",\"breadcrumb\":{\"@id\":\"https:\/\/wandernmitkrewa.de\/itinerary\/kasos-karpathos-dodekanes\/#breadcrumb\"},\"inLanguage\":\"fr-FR\",\"potentialAction\":[{\"@type\":\"ReadAction\",\"target\":[\"https:\/\/wandernmitkrewa.de\/itinerary\/kasos-karpathos-dodekanes\/\"]}]},{\"@type\":\"ImageObject\",\"inLanguage\":\"fr-FR\",\"@id\":\"https:\/\/wandernmitkrewa.de\/itinerary\/kasos-karpathos-dodekanes\/#primaryimage\",\"url\":\"https:\/\/wandernmitkrewa.de\/wp-content\/uploads\/2024\/03\/panorama-3258403-scaled.jpeg\",\"contentUrl\":\"https:\/\/wandernmitkrewa.de\/wp-content\/uploads\/2024\/03\/panorama-3258403-scaled.jpeg\",\"width\":2560,\"height\":1708},{\"@type\":\"BreadcrumbList\",\"@id\":\"https:\/\/wandernmitkrewa.de\/itinerary\/kasos-karpathos-dodekanes\/#breadcrumb\",\"itemListElement\":[{\"@type\":\"ListItem\",\"position\":1,\"name\":\"Startseite\",\"item\":\"https:\/\/wandernmitkrewa.de\/\"},{\"@type\":\"ListItem\",\"position\":2,\"name\":\"Trips\",\"item\":\"https:\/\/wandernmitkrewa.de\/itinerary\/\"},{\"@type\":\"ListItem\",\"position\":3,\"name\":\"Kasos &#038; Karpathos Dodekanes\"}]},{\"@type\":\"WebSite\",\"@id\":\"https:\/\/wandernmitkrewa.de\/#website\",\"url\":\"https:\/\/wandernmitkrewa.de\/\",\"name\":\"KreWa\",\"description\":\"Wandern mit KreWa\",\"publisher\":{\"@id\":\"https:\/\/wandernmitkrewa.de\/#organization\"},\"potentialAction\":[{\"@type\":\"SearchAction\",\"target\":{\"@type\":\"EntryPoint\",\"urlTemplate\":\"https:\/\/wandernmitkrewa.de\/?s={search_term_string}\"},\"query-input\":\"required name=search_term_string\"}],\"inLanguage\":\"fr-FR\"},{\"@type\":\"Organization\",\"@id\":\"https:\/\/wandernmitkrewa.de\/#organization\",\"name\":\"KreWa\",\"url\":\"https:\/\/wandernmitkrewa.de\/\",\"logo\":{\"@type\":\"ImageObject\",\"inLanguage\":\"fr-FR\",\"@id\":\"https:\/\/wandernmitkrewa.de\/#\/schema\/logo\/image\/\",\"url\":\"https:\/\/wandernmitkrewa.de\/wp-content\/uploads\/2020\/03\/cropped-Logo_Krewa_RGB_white.png\",\"contentUrl\":\"https:\/\/wandernmitkrewa.de\/wp-content\/uploads\/2020\/03\/cropped-Logo_Krewa_RGB_white.png\",\"width\":820,\"height\":779,\"caption\":\"KreWa\"},\"image\":{\"@id\":\"https:\/\/wandernmitkrewa.de\/#\/schema\/logo\/image\/\"}}]}<\/script>\n<!-- \/ Yoast SEO plugin. -->","yoast_head_json":{"title":"Kasos & Karpathos Dodekanes - KreWa","robots":{"index":"index","follow":"follow","max-snippet":"max-snippet:-1","max-image-preview":"max-image-preview:large","max-video-preview":"max-video-preview:-1"},"canonical":"https:\/\/wandernmitkrewa.de\/fr\/itinerary\/kasos-karpathos-dodekanes\/","og_locale":"fr_FR","og_type":"article","og_title":"Kasos & Karpathos Dodekanes - KreWa","og_description":"Kasos & Karpathos Dodekanes Les deux \u00eeles suivent l'arc montagneux qui va de l'Attique \u00e0 la Cr\u00e8te et \u00e0 la Turquie. Ainsi, nous trouvons \u00e9galement \u00e0 Kasos et Karpathos un paysage montagneux sauvage avec des sommets et des baies bien marqu\u00e9s. Kasos n'est pas encore touch\u00e9e par le tourisme, Karpathos ne dispose d'une infrastructure touristique que dans le sud. L'\u00eele est probablement l'\u00eele grecque la plus traditionnelle avec des coutumes encore vivantes....Mais lisez vous-m\u00eame.  15 jours voyage en groupe 5 - 14 participants 20.09. au 04.10.2024","og_url":"https:\/\/wandernmitkrewa.de\/fr\/itinerary\/kasos-karpathos-dodekanes\/","og_site_name":"KreWa","article_modified_time":"2024-03-15T20:39:14+00:00","og_image":[{"width":2560,"height":1708,"url":"https:\/\/wandernmitkrewa.de\/wp-content\/uploads\/2024\/03\/panorama-3258403-scaled.jpeg","type":"image\/jpeg"}],"twitter_card":"summary_large_image","twitter_misc":{"Dur\u00e9e de lecture estim\u00e9e":"4 minutes"},"schema":{"@context":"https:\/\/schema.org","@graph":[{"@type":"WebPage","@id":"https:\/\/wandernmitkrewa.de\/itinerary\/kasos-karpathos-dodekanes\/","url":"https:\/\/wandernmitkrewa.de\/itinerary\/kasos-karpathos-dodekanes\/","name":"Kasos & Karpathos Dodekanes - KreWa","isPartOf":{"@id":"https:\/\/wandernmitkrewa.de\/#website"},"primaryImageOfPage":{"@id":"https:\/\/wandernmitkrewa.de\/itinerary\/kasos-karpathos-dodekanes\/#primaryimage"},"image":{"@id":"https:\/\/wandernmitkrewa.de\/itinerary\/kasos-karpathos-dodekanes\/#primaryimage"},"thumbnailUrl":"https:\/\/wandernmitkrewa.de\/wp-content\/uploads\/2024\/03\/panorama-3258403-scaled.jpeg","datePublished":"2024-03-14T09:08:24+00:00","dateModified":"2024-03-15T20:39:14+00:00","breadcrumb":{"@id":"https:\/\/wandernmitkrewa.de\/itinerary\/kasos-karpathos-dodekanes\/#breadcrumb"},"inLanguage":"fr-FR","potentialAction":[{"@type":"ReadAction","target":["https:\/\/wandernmitkrewa.de\/itinerary\/kasos-karpathos-dodekanes\/"]}]},{"@type":"ImageObject","inLanguage":"fr-FR","@id":"https:\/\/wandernmitkrewa.de\/itinerary\/kasos-karpathos-dodekanes\/#primaryimage","url":"https:\/\/wandernmitkrewa.de\/wp-content\/uploads\/2024\/03\/panorama-3258403-scaled.jpeg","contentUrl":"https:\/\/wandernmitkrewa.de\/wp-content\/uploads\/2024\/03\/panorama-3258403-scaled.jpeg","width":2560,"height":1708},{"@type":"BreadcrumbList","@id":"https:\/\/wandernmitkrewa.de\/itinerary\/kasos-karpathos-dodekanes\/#breadcrumb","itemListElement":[{"@type":"ListItem","position":1,"name":"Startseite","item":"https:\/\/wandernmitkrewa.de\/"},{"@type":"ListItem","position":2,"name":"Trips","item":"https:\/\/wandernmitkrewa.de\/itinerary\/"},{"@type":"ListItem","position":3,"name":"Kasos &#038; Karpathos Dodekanes"}]},{"@type":"WebSite","@id":"https:\/\/wandernmitkrewa.de\/#website","url":"https:\/\/wandernmitkrewa.de\/","name":"KreWa","description":"Wandern mit KreWa","publisher":{"@id":"https:\/\/wandernmitkrewa.de\/#organization"},"potentialAction":[{"@type":"SearchAction","target":{"@type":"EntryPoint","urlTemplate":"https:\/\/wandernmitkrewa.de\/?s={search_term_string}"},"query-input":"required name=search_term_string"}],"inLanguage":"fr-FR"},{"@type":"Organization","@id":"https:\/\/wandernmitkrewa.de\/#organization","name":"KreWa","url":"https:\/\/wandernmitkrewa.de\/","logo":{"@type":"ImageObject","inLanguage":"fr-FR","@id":"https:\/\/wandernmitkrewa.de\/#\/schema\/logo\/image\/","url":"https:\/\/wandernmitkrewa.de\/wp-content\/uploads\/2020\/03\/cropped-Logo_Krewa_RGB_white.png","contentUrl":"https:\/\/wandernmitkrewa.de\/wp-content\/uploads\/2020\/03\/cropped-Logo_Krewa_RGB_white.png","width":820,"height":779,"caption":"KreWa"},"image":{"@id":"https:\/\/wandernmitkrewa.de\/#\/schema\/logo\/image\/"}}]}},"_links":{"self":[{"href":"https:\/\/wandernmitkrewa.de\/fr\/wp-json\/wp\/v2\/itineraries\/2819"}],"collection":[{"href":"https:\/\/wandernmitkrewa.de\/fr\/wp-json\/wp\/v2\/itineraries"}],"about":[{"href":"https:\/\/wandernmitkrewa.de\/fr\/wp-json\/wp\/v2\/types\/itineraries"}],"replies":[{"embeddable":true,"href":"https:\/\/wandernmitkrewa.de\/fr\/wp-json\/wp\/v2\/comments?post=2819"}],"version-history":[{"count":3,"href":"https:\/\/wandernmitkrewa.de\/fr\/wp-json\/wp\/v2\/itineraries\/2819\/revisions"}],"predecessor-version":[{"id":2850,"href":"https:\/\/wandernmitkrewa.de\/fr\/wp-json\/wp\/v2\/itineraries\/2819\/revisions\/2850"}],"wp:featuredmedia":[{"embeddable":true,"href":"https:\/\/wandernmitkrewa.de\/fr\/wp-json\/wp\/v2\/media\/2844"}],"wp:attachment":[{"href":"https:\/\/wandernmitkrewa.de\/fr\/wp-json\/wp\/v2\/media?parent=2819"}],"wp:term":[{"taxonomy":"itinerary_types","embeddable":true,"href":"https:\/\/wandernmitkrewa.de\/fr\/wp-json\/wp\/v2\/itinerary_types?post=2819"},{"taxonomy":"travel_locations","embeddable":true,"href":"https:\/\/wandernmitkrewa.de\/fr\/wp-json\/wp\/v2\/travel_locations?post=2819"},{"taxonomy":"travel_keywords","embeddable":true,"href":"https:\/\/wandernmitkrewa.de\/fr\/wp-json\/wp\/v2\/travel_keywords?post=2819"},{"taxonomy":"activity","embeddable":true,"href":"https:\/\/wandernmitkrewa.de\/fr\/wp-json\/wp\/v2\/activity?post=2819"}],"curies":[{"name":"wp","href":"https:\/\/api.w.org\/{rel}","templated":true}]}}