{"id":2206,"date":"2022-02-11T21:59:46","date_gmt":"2022-02-11T20:59:46","guid":{"rendered":"https:\/\/wandernmitkrewa.de\/?post_type=itineraries&#038;p=2206"},"modified":"2023-12-14T22:55:33","modified_gmt":"2023-12-14T21:55:33","slug":"juwelen-der-aegaeis-serifos-sifnos","status":"publish","type":"itineraries","link":"https:\/\/wandernmitkrewa.de\/fr\/itinerary\/juwelen-der-aegaeis-serifos-sifnos\/","title":{"rendered":"Juwelen der \u00c4g\u00e4is &#8211; Body &#038; Mind &#8211; Wandern meets Yoga"},"content":{"rendered":"","protected":false},"excerpt":{"rendered":"<p><i class=\"fas fa-arrow-circle-right\"><\/i> Reisezeitraum: 22.05. &#8211; 29.05.2023<\/p>\n<p>Serifos &#8211; Sifnos<br \/>\nAktiv zur Ruhe kommen, die Erde unter den F\u00fc\u00dfen, den endlosen Raum des Himmels \u00fcber dir, auf den Inseln der G\u00f6tter inmitten der \u00c4g\u00e4is \u2013 Kykladen. Du erwanderst gesundheitsbewusst, im Einklang mit Yoga, die Inseln Serifos und Sifnos. Auf handverlesenen Wanderungen entdeckst du entschleunigt den Kontrast dieser zwei paradiesischen Inseln. <br \/>\n8 Tage Gruppenreise <br \/>\n7 bis 15 Teilnehmer <br \/>\nAuf Anfrage<\/p>","protected":false},"featured_media":2198,"comment_status":"closed","ping_status":"closed","template":"","meta":{"site-sidebar-layout":"default","site-content-layout":"content-boxed-container","ast-site-content-layout":"","site-content-style":"default","site-sidebar-style":"default","ast-global-header-display":"","ast-banner-title-visibility":"","ast-main-header-display":"","ast-hfb-above-header-display":"","ast-hfb-below-header-display":"","ast-hfb-mobile-header-display":"","site-post-title":"","ast-breadcrumbs-content":"","ast-featured-img":"disabled","footer-sml-layout":"","theme-transparent-header-meta":"default","adv-header-id-meta":"","stick-header-meta":"","header-above-stick-meta":"","header-main-stick-meta":"","header-below-stick-meta":"","astra-migrate-meta-layouts":"default","ast-page-background-enabled":"default","ast-page-background-meta":{"desktop":{"background-color":"","background-image":"","background-repeat":"repeat","background-position":"center center","background-size":"auto","background-attachment":"scroll","background-type":"","background-media":"","overlay-type":"","overlay-color":"","overlay-gradient":""},"tablet":{"background-color":"","background-image":"","background-repeat":"repeat","background-position":"center center","background-size":"auto","background-attachment":"scroll","background-type":"","background-media":"","overlay-type":"","overlay-color":"","overlay-gradient":""},"mobile":{"background-color":"","background-image":"","background-repeat":"repeat","background-position":"center center","background-size":"auto","background-attachment":"scroll","background-type":"","background-media":"","overlay-type":"","overlay-color":"","overlay-gradient":""}},"ast-content-background-meta":{"desktop":{"background-color":"var(--ast-global-color-5)","background-image":"","background-repeat":"repeat","background-position":"center center","background-size":"auto","background-attachment":"scroll","background-type":"","background-media":"","overlay-type":"","overlay-color":"","overlay-gradient":""},"tablet":{"background-color":"var(--ast-global-color-5)","background-image":"","background-repeat":"repeat","background-position":"center center","background-size":"auto","background-attachment":"scroll","background-type":"","background-media":"","overlay-type":"","overlay-color":"","overlay-gradient":""},"mobile":{"background-color":"var(--ast-global-color-5)","background-image":"","background-repeat":"repeat","background-position":"center center","background-size":"auto","background-attachment":"scroll","background-type":"","background-media":"","overlay-type":"","overlay-color":"","overlay-gradient":""}},"wp_travel_lat":"","wp_travel_lng":"","wp_travel_trip_map_use_lat_lng":"no","wp_travel_location":"","wp_travel_overview":"<p><img class=\"alignnone size-full wp-image-2267\" src=\"https:\/\/wandernmitkrewa.de\/inhalt\/uploads\/2022\/02\/Juwel-der-Agaeis-Inselinfo.png\" alt=\"\" width=\"1654\" height=\"2339\" \/><\/p>","wp_travel_outline":"<p><img class=\"alignnone wp-image-2259 size-full\" src=\"https:\/\/wandernmitkrewa.de\/inhalt\/uploads\/2022\/02\/Juwel-der-Agaeis-Reiseleitung_Seite_1-e1646766090211.png\" alt=\"\" width=\"1205\" height=\"1622\" \/><\/p>\r\n<p><img class=\"alignnone wp-image-2261 size-full\" src=\"https:\/\/wandernmitkrewa.de\/inhalt\/uploads\/2022\/02\/Juwel-der-Agaeis-Reiseleitung_Seite_2-e1646766044346.png\" alt=\"\" width=\"1654\" height=\"1210\" \/><\/p>","wp_travel_trip_include":"<p><a style=\"background: #50325b;color: #fff;padding: 20px 20px 20px 20px;text-decoration: none\" href=\"https:\/\/wandernmitkrewa.de\/wp-content\/uploads\/2023\/01\/Serifos-Sifnos-2023-Prog.-Download.pdf\">Alle Reiseinformationen<\/a><\/p>\r\n<p><img class=\"alignnone size-full wp-image-2556\" src=\"https:\/\/wandernmitkrewa.de\/wp-content\/uploads\/2023\/01\/1.-Reiseverlauf-2023_Seite_1-e1673817510470.jpg\" alt=\"\" width=\"1654\" height=\"2298\" \/> <img class=\"alignnone size-full wp-image-2557\" src=\"https:\/\/wandernmitkrewa.de\/wp-content\/uploads\/2023\/01\/1.-Reiseverlauf-2023_Seite_2-e1673817542230.jpg\" alt=\"\" width=\"1654\" height=\"2309\" \/> <img class=\"alignnone size-full wp-image-2573\" src=\"https:\/\/wandernmitkrewa.de\/wp-content\/uploads\/2023\/01\/1.-Reiseverlauf-2023_Seite_3-1-e1673818350721.jpg\" alt=\"\" width=\"1654\" height=\"701\" \/><\/p>","wp_travel_trip_exclude":"<p><img class=\"alignnone size-full wp-image-2559\" src=\"https:\/\/wandernmitkrewa.de\/wp-content\/uploads\/2023\/01\/4.-Preise-Infos-2023_Seite_1-e1673818127446.jpg\" alt=\"\" width=\"1654\" height=\"2245\" \/> <img class=\"alignnone size-full wp-image-2560\" src=\"https:\/\/wandernmitkrewa.de\/wp-content\/uploads\/2023\/01\/4.-Preise-Infos-2023_Seite_2-e1673818152405.jpg\" alt=\"\" width=\"1654\" height=\"1368\" \/>\u00a0<\/p>"},"itinerary_types":[44,45],"travel_locations":[51,84],"travel_keywords":[78,93,52,39,56],"activity":[42,79],"yoast_head":"<!-- This site is optimized with the Yoast SEO plugin v22.2 - https:\/\/yoast.com\/wordpress\/plugins\/seo\/ -->\n<title>Juwelen der \u00c4g\u00e4is - Body &amp; Mind - Wandern meets Yoga - KreWa<\/title>\n<meta name=\"robots\" content=\"index, follow, max-snippet:-1, max-image-preview:large, max-video-preview:-1\" \/>\n<link rel=\"canonical\" href=\"https:\/\/wandernmitkrewa.de\/fr\/itinerary\/juwelen-der-aegaeis-serifos-sifnos\/\" \/>\n<meta property=\"og:locale\" content=\"fr_FR\" \/>\n<meta property=\"og:type\" content=\"article\" \/>\n<meta property=\"og:title\" content=\"Juwelen der \u00c4g\u00e4is - Body &amp; Mind - Wandern meets Yoga - KreWa\" \/>\n<meta property=\"og:description\" content=\"Reisezeitraum: 22.05. - 29.05.2023 Serifos - Sifnos Aktiv zur Ruhe kommen, die Erde unter den F\u00fc\u00dfen, den endlosen Raum des Himmels \u00fcber dir, auf den Inseln der G\u00f6tter inmitten der \u00c4g\u00e4is \u2013 Kykladen. Du erwanderst gesundheitsbewusst, im Einklang mit Yoga, die Inseln Serifos und Sifnos. Auf handverlesenen Wanderungen entdeckst du entschleunigt den Kontrast dieser zwei paradiesischen Inseln.  8 Tage Gruppenreise  7 bis 15 Teilnehmer  Auf Anfrage\" \/>\n<meta property=\"og:url\" content=\"https:\/\/wandernmitkrewa.de\/fr\/itinerary\/juwelen-der-aegaeis-serifos-sifnos\/\" \/>\n<meta property=\"og:site_name\" content=\"KreWa\" \/>\n<meta property=\"article:modified_time\" content=\"2023-12-14T21:55:33+00:00\" \/>\n<meta property=\"og:image\" content=\"https:\/\/wandernmitkrewa.de\/wp-content\/uploads\/2022\/02\/IMG_20181001_154230-scaled.jpg\" \/>\n\t<meta property=\"og:image:width\" content=\"1920\" \/>\n\t<meta property=\"og:image:height\" content=\"2560\" \/>\n\t<meta property=\"og:image:type\" content=\"image\/jpeg\" \/>\n<meta name=\"twitter:card\" content=\"summary_large_image\" \/>\n<script type=\"application\/ld+json\" class=\"yoast-schema-graph\">{\"@context\":\"https:\/\/schema.org\",\"@graph\":[{\"@type\":\"WebPage\",\"@id\":\"https:\/\/wandernmitkrewa.de\/itinerary\/juwelen-der-aegaeis-serifos-sifnos\/\",\"url\":\"https:\/\/wandernmitkrewa.de\/itinerary\/juwelen-der-aegaeis-serifos-sifnos\/\",\"name\":\"Juwelen der \u00c4g\u00e4is - Body & Mind - Wandern meets Yoga - KreWa\",\"isPartOf\":{\"@id\":\"https:\/\/wandernmitkrewa.de\/#website\"},\"primaryImageOfPage\":{\"@id\":\"https:\/\/wandernmitkrewa.de\/itinerary\/juwelen-der-aegaeis-serifos-sifnos\/#primaryimage\"},\"image\":{\"@id\":\"https:\/\/wandernmitkrewa.de\/itinerary\/juwelen-der-aegaeis-serifos-sifnos\/#primaryimage\"},\"thumbnailUrl\":\"https:\/\/wandernmitkrewa.de\/wp-content\/uploads\/2022\/02\/IMG_20181001_154230-scaled.jpg\",\"datePublished\":\"2022-02-11T20:59:46+00:00\",\"dateModified\":\"2023-12-14T21:55:33+00:00\",\"breadcrumb\":{\"@id\":\"https:\/\/wandernmitkrewa.de\/itinerary\/juwelen-der-aegaeis-serifos-sifnos\/#breadcrumb\"},\"inLanguage\":\"fr-FR\",\"potentialAction\":[{\"@type\":\"ReadAction\",\"target\":[\"https:\/\/wandernmitkrewa.de\/itinerary\/juwelen-der-aegaeis-serifos-sifnos\/\"]}]},{\"@type\":\"ImageObject\",\"inLanguage\":\"fr-FR\",\"@id\":\"https:\/\/wandernmitkrewa.de\/itinerary\/juwelen-der-aegaeis-serifos-sifnos\/#primaryimage\",\"url\":\"https:\/\/wandernmitkrewa.de\/wp-content\/uploads\/2022\/02\/IMG_20181001_154230-scaled.jpg\",\"contentUrl\":\"https:\/\/wandernmitkrewa.de\/wp-content\/uploads\/2022\/02\/IMG_20181001_154230-scaled.jpg\",\"width\":1920,\"height\":2560,\"caption\":\"Crete-Rando-meets Meditation\"},{\"@type\":\"BreadcrumbList\",\"@id\":\"https:\/\/wandernmitkrewa.de\/itinerary\/juwelen-der-aegaeis-serifos-sifnos\/#breadcrumb\",\"itemListElement\":[{\"@type\":\"ListItem\",\"position\":1,\"name\":\"Startseite\",\"item\":\"https:\/\/wandernmitkrewa.de\/\"},{\"@type\":\"ListItem\",\"position\":2,\"name\":\"Trips\",\"item\":\"https:\/\/wandernmitkrewa.de\/itinerary\/\"},{\"@type\":\"ListItem\",\"position\":3,\"name\":\"Juwelen der \u00c4g\u00e4is &#8211; Body &#038; Mind &#8211; Wandern meets Yoga\"}]},{\"@type\":\"WebSite\",\"@id\":\"https:\/\/wandernmitkrewa.de\/#website\",\"url\":\"https:\/\/wandernmitkrewa.de\/\",\"name\":\"KreWa\",\"description\":\"Wandern mit KreWa\",\"publisher\":{\"@id\":\"https:\/\/wandernmitkrewa.de\/#organization\"},\"potentialAction\":[{\"@type\":\"SearchAction\",\"target\":{\"@type\":\"EntryPoint\",\"urlTemplate\":\"https:\/\/wandernmitkrewa.de\/?s={search_term_string}\"},\"query-input\":\"required name=search_term_string\"}],\"inLanguage\":\"fr-FR\"},{\"@type\":\"Organization\",\"@id\":\"https:\/\/wandernmitkrewa.de\/#organization\",\"name\":\"KreWa\",\"url\":\"https:\/\/wandernmitkrewa.de\/\",\"logo\":{\"@type\":\"ImageObject\",\"inLanguage\":\"fr-FR\",\"@id\":\"https:\/\/wandernmitkrewa.de\/#\/schema\/logo\/image\/\",\"url\":\"https:\/\/wandernmitkrewa.de\/wp-content\/uploads\/2020\/03\/cropped-Logo_Krewa_RGB_white.png\",\"contentUrl\":\"https:\/\/wandernmitkrewa.de\/wp-content\/uploads\/2020\/03\/cropped-Logo_Krewa_RGB_white.png\",\"width\":820,\"height\":779,\"caption\":\"KreWa\"},\"image\":{\"@id\":\"https:\/\/wandernmitkrewa.de\/#\/schema\/logo\/image\/\"}}]}<\/script>\n<!-- \/ Yoast SEO plugin. -->","yoast_head_json":{"title":"Juwelen der \u00c4g\u00e4is - Body & Mind - Wandern meets Yoga - KreWa","robots":{"index":"index","follow":"follow","max-snippet":"max-snippet:-1","max-image-preview":"max-image-preview:large","max-video-preview":"max-video-preview:-1"},"canonical":"https:\/\/wandernmitkrewa.de\/fr\/itinerary\/juwelen-der-aegaeis-serifos-sifnos\/","og_locale":"fr_FR","og_type":"article","og_title":"Juwelen der \u00c4g\u00e4is - Body & Mind - Wandern meets Yoga - KreWa","og_description":"Reisezeitraum: 22.05. - 29.05.2023 Serifos - Sifnos Aktiv zur Ruhe kommen, die Erde unter den F\u00fc\u00dfen, den endlosen Raum des Himmels \u00fcber dir, auf den Inseln der G\u00f6tter inmitten der \u00c4g\u00e4is \u2013 Kykladen. Du erwanderst gesundheitsbewusst, im Einklang mit Yoga, die Inseln Serifos und Sifnos. Auf handverlesenen Wanderungen entdeckst du entschleunigt den Kontrast dieser zwei paradiesischen Inseln.  8 Tage Gruppenreise  7 bis 15 Teilnehmer  Auf Anfrage","og_url":"https:\/\/wandernmitkrewa.de\/fr\/itinerary\/juwelen-der-aegaeis-serifos-sifnos\/","og_site_name":"KreWa","article_modified_time":"2023-12-14T21:55:33+00:00","og_image":[{"width":1920,"height":2560,"url":"https:\/\/wandernmitkrewa.de\/wp-content\/uploads\/2022\/02\/IMG_20181001_154230-scaled.jpg","type":"image\/jpeg"}],"twitter_card":"summary_large_image","schema":{"@context":"https:\/\/schema.org","@graph":[{"@type":"WebPage","@id":"https:\/\/wandernmitkrewa.de\/itinerary\/juwelen-der-aegaeis-serifos-sifnos\/","url":"https:\/\/wandernmitkrewa.de\/itinerary\/juwelen-der-aegaeis-serifos-sifnos\/","name":"Juwelen der \u00c4g\u00e4is - Body & Mind - Wandern meets Yoga - KreWa","isPartOf":{"@id":"https:\/\/wandernmitkrewa.de\/#website"},"primaryImageOfPage":{"@id":"https:\/\/wandernmitkrewa.de\/itinerary\/juwelen-der-aegaeis-serifos-sifnos\/#primaryimage"},"image":{"@id":"https:\/\/wandernmitkrewa.de\/itinerary\/juwelen-der-aegaeis-serifos-sifnos\/#primaryimage"},"thumbnailUrl":"https:\/\/wandernmitkrewa.de\/wp-content\/uploads\/2022\/02\/IMG_20181001_154230-scaled.jpg","datePublished":"2022-02-11T20:59:46+00:00","dateModified":"2023-12-14T21:55:33+00:00","breadcrumb":{"@id":"https:\/\/wandernmitkrewa.de\/itinerary\/juwelen-der-aegaeis-serifos-sifnos\/#breadcrumb"},"inLanguage":"fr-FR","potentialAction":[{"@type":"ReadAction","target":["https:\/\/wandernmitkrewa.de\/itinerary\/juwelen-der-aegaeis-serifos-sifnos\/"]}]},{"@type":"ImageObject","inLanguage":"fr-FR","@id":"https:\/\/wandernmitkrewa.de\/itinerary\/juwelen-der-aegaeis-serifos-sifnos\/#primaryimage","url":"https:\/\/wandernmitkrewa.de\/wp-content\/uploads\/2022\/02\/IMG_20181001_154230-scaled.jpg","contentUrl":"https:\/\/wandernmitkrewa.de\/wp-content\/uploads\/2022\/02\/IMG_20181001_154230-scaled.jpg","width":1920,"height":2560,"caption":"Crete-Rando-meets Meditation"},{"@type":"BreadcrumbList","@id":"https:\/\/wandernmitkrewa.de\/itinerary\/juwelen-der-aegaeis-serifos-sifnos\/#breadcrumb","itemListElement":[{"@type":"ListItem","position":1,"name":"Startseite","item":"https:\/\/wandernmitkrewa.de\/"},{"@type":"ListItem","position":2,"name":"Trips","item":"https:\/\/wandernmitkrewa.de\/itinerary\/"},{"@type":"ListItem","position":3,"name":"Juwelen der \u00c4g\u00e4is &#8211; Body &#038; Mind &#8211; Wandern meets Yoga"}]},{"@type":"WebSite","@id":"https:\/\/wandernmitkrewa.de\/#website","url":"https:\/\/wandernmitkrewa.de\/","name":"KreWa","description":"Wandern mit KreWa","publisher":{"@id":"https:\/\/wandernmitkrewa.de\/#organization"},"potentialAction":[{"@type":"SearchAction","target":{"@type":"EntryPoint","urlTemplate":"https:\/\/wandernmitkrewa.de\/?s={search_term_string}"},"query-input":"required name=search_term_string"}],"inLanguage":"fr-FR"},{"@type":"Organization","@id":"https:\/\/wandernmitkrewa.de\/#organization","name":"KreWa","url":"https:\/\/wandernmitkrewa.de\/","logo":{"@type":"ImageObject","inLanguage":"fr-FR","@id":"https:\/\/wandernmitkrewa.de\/#\/schema\/logo\/image\/","url":"https:\/\/wandernmitkrewa.de\/wp-content\/uploads\/2020\/03\/cropped-Logo_Krewa_RGB_white.png","contentUrl":"https:\/\/wandernmitkrewa.de\/wp-content\/uploads\/2020\/03\/cropped-Logo_Krewa_RGB_white.png","width":820,"height":779,"caption":"KreWa"},"image":{"@id":"https:\/\/wandernmitkrewa.de\/#\/schema\/logo\/image\/"}}]}},"_links":{"self":[{"href":"https:\/\/wandernmitkrewa.de\/fr\/wp-json\/wp\/v2\/itineraries\/2206"}],"collection":[{"href":"https:\/\/wandernmitkrewa.de\/fr\/wp-json\/wp\/v2\/itineraries"}],"about":[{"href":"https:\/\/wandernmitkrewa.de\/fr\/wp-json\/wp\/v2\/types\/itineraries"}],"replies":[{"embeddable":true,"href":"https:\/\/wandernmitkrewa.de\/fr\/wp-json\/wp\/v2\/comments?post=2206"}],"version-history":[{"count":13,"href":"https:\/\/wandernmitkrewa.de\/fr\/wp-json\/wp\/v2\/itineraries\/2206\/revisions"}],"predecessor-version":[{"id":2770,"href":"https:\/\/wandernmitkrewa.de\/fr\/wp-json\/wp\/v2\/itineraries\/2206\/revisions\/2770"}],"wp:featuredmedia":[{"embeddable":true,"href":"https:\/\/wandernmitkrewa.de\/fr\/wp-json\/wp\/v2\/media\/2198"}],"wp:attachment":[{"href":"https:\/\/wandernmitkrewa.de\/fr\/wp-json\/wp\/v2\/media?parent=2206"}],"wp:term":[{"taxonomy":"itinerary_types","embeddable":true,"href":"https:\/\/wandernmitkrewa.de\/fr\/wp-json\/wp\/v2\/itinerary_types?post=2206"},{"taxonomy":"travel_locations","embeddable":true,"href":"https:\/\/wandernmitkrewa.de\/fr\/wp-json\/wp\/v2\/travel_locations?post=2206"},{"taxonomy":"travel_keywords","embeddable":true,"href":"https:\/\/wandernmitkrewa.de\/fr\/wp-json\/wp\/v2\/travel_keywords?post=2206"},{"taxonomy":"activity","embeddable":true,"href":"https:\/\/wandernmitkrewa.de\/fr\/wp-json\/wp\/v2\/activity?post=2206"}],"curies":[{"name":"wp","href":"https:\/\/api.w.org\/{rel}","templated":true}]}}